{"id":128,"date":"2014-06-22T14:11:01","date_gmt":"2014-06-22T14:11:01","guid":{"rendered":"http:\/\/forumsystemischeberatung.de\/?page_id=128"},"modified":"2023-01-07T12:20:59","modified_gmt":"2023-01-07T12:20:59","slug":"anja-feldmann","status":"publish","type":"page","link":"https:\/\/forumsystemischeberatung.de\/?page_id=128","title":{"rendered":"Prof. Dr. Anja Haftmann"},"content":{"rendered":"<p style=\"font-size: 11pt; line-height: 14pt; text-align: right;\">fon 02304-9965309<br \/>\nmobil: 0173 56 12 903<br \/>\n<a href=\"mailto:akh@akh-web.de\">akh@akh-web.de<\/a><\/p>\n<p><a href=\"https:\/\/forumsystemischeberatung.de\/wp-content\/uploads\/2019\/04\/anja_haftmann.jpg\"><img loading=\"lazy\" decoding=\"async\" class=\"alignnone wp-image-310 size-full\" src=\"https:\/\/forumsystemischeberatung.de\/wp-content\/uploads\/2019\/04\/anja_haftmann-e1555173683149.jpg\" alt=\"Portr\u00e4t Anja Haftmann\" width=\"200\" height=\"300\" align=\"right\" hspace=\"20\" \/><\/a><br \/>\n<b>PERSON UND QUALIFIKATION<\/b><\/p>\n<ul style=\"font-size: 11pt; line-height: 16pt;\">\n<li>Geboren 1965 in Gronau \/Westfalen<\/li>\n<li>Studium der Ostasienwissenschaften und Germanistik in Bonn und Bochum<\/li>\n<li>Leiterin der Abteilung Koreanistik an der Universit\u00e4t Bochum von 1992-1997<\/li>\n<li>Einj\u00e4hrige Weiterbildung zur Personal- und Organisationsentwicklerin bei der DAA in Dortmund; fachliche Leitung Prof. Dr. Heinrich Wottawa, Ruhr-Universit\u00e4t Bochum<\/li>\n<li>Beraterin bei der metamorf business consulting, Bochum<\/li>\n<li>Seit 2000 selbst\u00e4ndig als Beraterin und Trainerin mit den Arbeitsschwerpunkten Personaltraining, -auswahl, und -beratung<\/li>\n<li>Dozenten-, Lektoren- und Trainingst\u00e4tigkeiten seit 1987 in Deutschland und Korea. Zahlreiche mehrmonatige Aufenthalte in Ostasien sowie langj\u00e4hrige Erfahrung mit multikulturellen Arbeitsgruppen<\/li>\n<li>2003-2013 Leiterin des Bereichs \u00bbTraining Sozialer Kompetenzen\u00ab an der Europ\u00e4ischen Fachhochschule in Br\u00fchl sowie Honorarprofessorin seit 2010<\/li>\n<\/ul>\n<p><b>T\u00c4TIGKEITSSCHWERPUNKTE<br \/>\nIm Bereich Training<\/b><\/p>\n<ul style=\"font-size: 11pt; line-height: 16pt;\">\n<li>Mitarbeiterf\u00fchrung: F\u00fchrungsverhalten und -methoden; F\u00fchren durch Mitarbeitergespr\u00e4che; Interview-Training zur Personalauswahl<\/li>\n<li>Kommunikation: Kommunikation und Gespr\u00e4chsf\u00fchrung; Argumentations- und Diskussionstechniken; Moderation und Leitung von Besprechungen<\/li>\n<li>Interkulturelles Training: Kulturelle Sensibilisierung f\u00fcr ostasiatische L\u00e4nder; L\u00e4nderspezifisches Training und Auslandsvorbereitung S\u00fcdkorea ; Interkulturelle Kommunikation<\/li>\n<\/ul>\n<p><b>Im Bereich Recruiting<\/b><\/p>\n<ul style=\"font-size: 11pt; line-height: 16pt;\">\n<li>Erstellen von Anforderungsprofilen<\/li>\n<li>Ausarbeiten und Schalten von Stellenanzeigen on- und offline<\/li>\n<li>Analyse von Bewerbungsunterlagen<\/li>\n<li>Konzeption und Durchf\u00fchren von Telefoninterviews und Vorstellungsgespr\u00e4chen<\/li>\n<li>Konzeption, Organisation und Moderation von Assessment Centern<\/li>\n<\/ul>\n<p><b>Im Bereich Consulting<\/b><\/p>\n<ul style=\"font-size: 11pt; line-height: 16pt;\">\n<li>Konzeption von PE-Programmen<\/li>\n<li>Moderation und Workshop-Gestaltung<\/li>\n<li>Konfliktmoderationen<\/li>\n<li>Organisation und Durchf\u00fchrung von Open-Space-Veranstaltungen<\/li>\n<li>Berufswegeplanung und Newplacement<\/li>\n<li>Begleiten von Change-Prozessen<\/li>\n<\/ul>\n<p><b>AKTUELLE PUBLIKATIONEN<\/b><\/p>\n<ul style=\"font-size: 11pt; line-height: 16pt;\">\n<li>Schulungsvideo \u00bbVom Kritik- zum K\u00fcndigungsgespr\u00e4ch. Vier Gespr\u00e4chstypen auf den Punkt gebracht.\u00ab (DVD). Bonn: managerSeminare 2013.<\/li>\n<li>CD-Seminarkonzept \u00bbMitarbeitergespr\u00e4che souver\u00e4n f\u00fchren. Gespr\u00e4chskompetenz f\u00fcr F\u00fchrungskr\u00e4fte\u00ab (CD-Rom). Bonn: managerSeminare 2011.<\/li>\n<\/ul>\n<p><b>INTERESSEN<\/b><\/p>\n<ul style=\"font-size: 11pt; line-height: 16pt;\">\n<li>E-Didaktik<\/li>\n<li>Blended Learning<\/li>\n<li>Social Video Learning<\/li>\n<\/ul>\n","protected":false},"excerpt":{"rendered":"<p>fon 02304-9965309 mobil: 0173 56 12 903 akh@akh-web.de PERSON UND QUALIFIKATION Geboren 1965 in Gronau \/Westfalen Studium der Ostasienwissenschaften und Germanistik in Bonn und Bochum Leiterin der Abteilung Koreanistik an <a class=\"more-link\" href=\"https:\/\/forumsystemischeberatung.de\/?page_id=128\">Continue Reading &rarr;<\/a><\/p>\n","protected":false},"author":1,"featured_media":0,"parent":0,"menu_order":0,"comment_status":"closed","ping_status":"closed","template":"","meta":{"footnotes":""},"class_list":["post-128","page","type-page","status-publish","hentry"],"_links":{"self":[{"href":"https:\/\/forumsystemischeberatung.de\/index.php?rest_route=\/wp\/v2\/pages\/128","targetHints":{"allow":["GET"]}}],"collection":[{"href":"https:\/\/forumsystemischeberatung.de\/index.php?rest_route=\/wp\/v2\/pages"}],"about":[{"href":"https:\/\/forumsystemischeberatung.de\/index.php?rest_route=\/wp\/v2\/types\/page"}],"author":[{"embeddable":true,"href":"https:\/\/forumsystemischeberatung.de\/index.php?rest_route=\/wp\/v2\/users\/1"}],"replies":[{"embeddable":true,"href":"https:\/\/forumsystemischeberatung.de\/index.php?rest_route=%2Fwp%2Fv2%2Fcomments&post=128"}],"version-history":[{"count":39,"href":"https:\/\/forumsystemischeberatung.de\/index.php?rest_route=\/wp\/v2\/pages\/128\/revisions"}],"predecessor-version":[{"id":365,"href":"https:\/\/forumsystemischeberatung.de\/index.php?rest_route=\/wp\/v2\/pages\/128\/revisions\/365"}],"wp:attachment":[{"href":"https:\/\/forumsystemischeberatung.de\/index.php?rest_route=%2Fwp%2Fv2%2Fmedia&parent=128"}],"curies":[{"name":"wp","href":"https:\/\/api.w.org\/{rel}","templated":true}]}}